
{"id":549,"date":"2022-09-14T11:11:23","date_gmt":"2022-09-14T15:11:23","guid":{"rendered":"http:\/\/172.31.162.97\/pagina\/?page_id=549"},"modified":"2025-05-05T07:19:16","modified_gmt":"2025-05-05T11:19:16","slug":"penal-de-garantias","status":"publish","type":"page","link":"https:\/\/pjcanindeyu.gov.py\/?page_id=549","title":{"rendered":"Penal de Garant\u00edas"},"content":{"rendered":"\n<p><strong>A los jueces penales de garant\u00eda, de acuerdo al Art. 282 del C\u00f3digo Procesal Penal, les corresponder\u00e1:<\/strong><\/p>\n\n\n\n<p>  1. Realizar los anticipos jurisdiccionales de prueba;<\/p>\n\n\n\n<p>  2. Resolver los incidentes, excepciones y dem\u00e1s peticiones de las partes, otorgar autorizaciones; y,<\/p>\n\n\n\n<p>  3.  en general, controlar el cumplimiento de todos los principios y garant\u00edas establecidos en la    Constituci\u00f3n, en el Derecho Internacional vigente y en este<\/p>\n\n\n\n<h3 class=\"wp-block-heading\"><strong>Magistrados por sedes judiciales de la Circunscripci\u00f3n Judicial de Canindey\u00fa<\/strong><\/h3>\n\n\n\n<h4 class=\"wp-block-heading\">Localidades:<\/h4>\n\n\n\n<p class=\"accordion\">&#8211; Saltos del Guair\u00e1<\/p>\n\n\n\n<div class=\"wp-block-group panel\"><div class=\"wp-block-group__inner-container is-layout-constrained wp-block-group-is-layout-constrained\">\n<h5 class=\"wp-block-heading\"><strong>Garant\u00edas N\u00ba <\/strong>1<\/h5>\n\n\n\n<div class=\"wp-block-media-text is-stacked-on-mobile\" style=\"grid-template-columns:16% auto\"><figure class=\"wp-block-media-text__media\"><img loading=\"lazy\" decoding=\"async\" width=\"757\" height=\"768\" src=\"https:\/\/pjcanindeyu.gov.py\/wp-content\/uploads\/2023\/03\/Guille-Gonzalez.png\" alt=\"\" class=\"wp-image-1930 size-full\" srcset=\"https:\/\/pjcanindeyu.gov.py\/wp-content\/uploads\/2023\/03\/Guille-Gonzalez.png 757w, https:\/\/pjcanindeyu.gov.py\/wp-content\/uploads\/2023\/03\/Guille-Gonzalez-296x300.png 296w\" sizes=\"auto, (max-width: 757px) 100vw, 757px\" \/><\/figure><div class=\"wp-block-media-text__content\">\n<p class=\"has-text-align-center\"><strong>&nbsp;Abg. Guillermina Gonz\u00e1lez<\/strong><\/p>\n<\/div><\/div>\n\n\n\n<h4 class=\"wp-block-heading\">&nbsp;<\/h4>\n\n\n\n<h5 class=\"wp-block-heading\"><strong>Garant\u00edas N\u00ba 2<\/strong><\/h5>\n\n\n\n<div class=\"wp-block-media-text is-stacked-on-mobile\" style=\"grid-template-columns:16% auto\"><figure class=\"wp-block-media-text__media\"><img loading=\"lazy\" decoding=\"async\" width=\"1009\" height=\"1024\" src=\"https:\/\/pjcanindeyu.gov.py\/wp-content\/uploads\/2025\/03\/Antonio-Vera-1009x1024.png\" alt=\"\" class=\"wp-image-4467 size-full\" srcset=\"https:\/\/pjcanindeyu.gov.py\/wp-content\/uploads\/2025\/03\/Antonio-Vera-1009x1024.png 1009w, https:\/\/pjcanindeyu.gov.py\/wp-content\/uploads\/2025\/03\/Antonio-Vera-296x300.png 296w, https:\/\/pjcanindeyu.gov.py\/wp-content\/uploads\/2025\/03\/Antonio-Vera-768x780.png 768w, https:\/\/pjcanindeyu.gov.py\/wp-content\/uploads\/2025\/03\/Antonio-Vera-1513x1536.png 1513w, https:\/\/pjcanindeyu.gov.py\/wp-content\/uploads\/2025\/03\/Antonio-Vera-2017x2048.png 2017w\" sizes=\"auto, (max-width: 1009px) 100vw, 1009px\" \/><\/figure><div class=\"wp-block-media-text__content\">\n<p class=\"has-text-align-center\"><strong>Abg. Antonio Vera Sosa<\/strong><\/p>\n<\/div><\/div>\n\n\n\n<p class=\"has-text-align-center\">&nbsp;<\/p>\n\n\n\n<h5 class=\"wp-block-heading\"><strong>Garant\u00edas N\u00ba 3<\/strong><\/h5>\n\n\n\n<div class=\"wp-block-media-text is-stacked-on-mobile\" style=\"grid-template-columns:16% auto\"><figure class=\"wp-block-media-text__media\"><img loading=\"lazy\" decoding=\"async\" width=\"757\" height=\"768\" src=\"https:\/\/pjcanindeyu.gov.py\/wp-content\/uploads\/2023\/03\/Marta.png\" alt=\"\" class=\"wp-image-1954 size-full\" srcset=\"https:\/\/pjcanindeyu.gov.py\/wp-content\/uploads\/2023\/03\/Marta.png 757w, https:\/\/pjcanindeyu.gov.py\/wp-content\/uploads\/2023\/03\/Marta-296x300.png 296w\" sizes=\"auto, (max-width: 757px) 100vw, 757px\" \/><\/figure><div class=\"wp-block-media-text__content\">\n<p class=\"has-text-align-center\"><strong>Abg. Marta Elodia Romero<\/strong><\/p>\n<\/div><\/div>\n\n\n\n<p class=\"has-text-align-center\">&nbsp;<\/p>\n\n\n\n<h5 class=\"wp-block-heading\"><strong>Garant\u00edas N\u00ba 4<\/strong><\/h5>\n\n\n\n<div class=\"wp-block-media-text is-stacked-on-mobile\" style=\"grid-template-columns:16% auto\"><figure class=\"wp-block-media-text__media\"><img loading=\"lazy\" decoding=\"async\" width=\"1009\" height=\"1024\" src=\"https:\/\/pjcanindeyu.gov.py\/wp-content\/uploads\/2025\/05\/Maria-Ysabel-2025-1009x1024.png\" alt=\"\" class=\"wp-image-4573 size-full\" srcset=\"https:\/\/pjcanindeyu.gov.py\/wp-content\/uploads\/2025\/05\/Maria-Ysabel-2025-1009x1024.png 1009w, https:\/\/pjcanindeyu.gov.py\/wp-content\/uploads\/2025\/05\/Maria-Ysabel-2025-296x300.png 296w, https:\/\/pjcanindeyu.gov.py\/wp-content\/uploads\/2025\/05\/Maria-Ysabel-2025-768x780.png 768w, https:\/\/pjcanindeyu.gov.py\/wp-content\/uploads\/2025\/05\/Maria-Ysabel-2025-1513x1536.png 1513w, https:\/\/pjcanindeyu.gov.py\/wp-content\/uploads\/2025\/05\/Maria-Ysabel-2025-2017x2048.png 2017w\" sizes=\"auto, (max-width: 1009px) 100vw, 1009px\" \/><\/figure><div class=\"wp-block-media-text__content\">\n<p class=\"has-text-align-center\"><strong>Abg. Mar\u00eda Ysabel D\u00e1valos Arr\u00faa<\/strong><\/p>\n<\/div><\/div>\n\n\n\n<p class=\"has-text-align-center\">&nbsp;<\/p>\n\n\n\n<h5 class=\"wp-block-heading\"><strong>Garant\u00edas N\u00ba 5<\/strong><\/h5>\n\n\n\n<div class=\"wp-block-media-text is-stacked-on-mobile\" style=\"grid-template-columns:16% auto\"><figure class=\"wp-block-media-text__media\"><img loading=\"lazy\" decoding=\"async\" width=\"757\" height=\"768\" src=\"https:\/\/pjcanindeyu.gov.py\/wp-content\/uploads\/2023\/03\/Guille-Gonzalez.png\" alt=\"\" class=\"wp-image-1930 size-full\" srcset=\"https:\/\/pjcanindeyu.gov.py\/wp-content\/uploads\/2023\/03\/Guille-Gonzalez.png 757w, https:\/\/pjcanindeyu.gov.py\/wp-content\/uploads\/2023\/03\/Guille-Gonzalez-296x300.png 296w\" sizes=\"auto, (max-width: 757px) 100vw, 757px\" \/><\/figure><div class=\"wp-block-media-text__content\">\n<p class=\"has-text-align-center\"><strong>Abg. Guillermina Gonz\u00e1lez (Interina)<\/strong><\/p>\n<\/div><\/div>\n\n\n\n<p class=\"panel accordion\"><\/p>\n\n\n\n<p><\/p>\n\n\n\n<p><\/p>\n<\/div><\/div>\n\n\n\n<p class=\"accordion \">&#8211; Curuguaty<\/p>\n\n\n\n<div class=\"wp-block-group panel\"><div class=\"wp-block-group__inner-container is-layout-constrained wp-block-group-is-layout-constrained\">\n<h5 class=\"wp-block-heading\"><strong>Garant\u00edas N\u00ba 1<\/strong><\/h5>\n\n\n\n<div class=\"wp-block-media-text\" style=\"grid-template-columns:15% auto\"><figure class=\"wp-block-media-text__media\"><img loading=\"lazy\" decoding=\"async\" width=\"1009\" height=\"1024\" src=\"https:\/\/pjcanindeyu.gov.py\/wp-content\/uploads\/2025\/05\/Marcos-Gimenez-2025-1009x1024.png\" alt=\"\" class=\"wp-image-4574 size-full\" srcset=\"https:\/\/pjcanindeyu.gov.py\/wp-content\/uploads\/2025\/05\/Marcos-Gimenez-2025-1009x1024.png 1009w, https:\/\/pjcanindeyu.gov.py\/wp-content\/uploads\/2025\/05\/Marcos-Gimenez-2025-296x300.png 296w, https:\/\/pjcanindeyu.gov.py\/wp-content\/uploads\/2025\/05\/Marcos-Gimenez-2025-768x780.png 768w, https:\/\/pjcanindeyu.gov.py\/wp-content\/uploads\/2025\/05\/Marcos-Gimenez-2025-1513x1536.png 1513w, https:\/\/pjcanindeyu.gov.py\/wp-content\/uploads\/2025\/05\/Marcos-Gimenez-2025-2017x2048.png 2017w\" sizes=\"auto, (max-width: 1009px) 100vw, 1009px\" \/><\/figure><div class=\"wp-block-media-text__content\">\n<p class=\"has-text-align-center\"><strong>Abg. Marcos Gim\u00e9nez Rivas (Interino)<\/strong><\/p>\n<\/div><\/div>\n\n\n\n<p class=\"has-text-align-center\">&nbsp;<\/p>\n\n\n\n<h5 class=\"wp-block-heading\"><strong>Garant\u00edas N\u00ba 2<\/strong><\/h5>\n\n\n\n<div class=\"wp-block-media-text\" style=\"grid-template-columns:15% auto\"><figure class=\"wp-block-media-text__media\"><img loading=\"lazy\" decoding=\"async\" width=\"608\" height=\"544\" src=\"https:\/\/pjcanindeyu.gov.py\/wp-content\/uploads\/2023\/03\/8-e1675340007619.jpg\" alt=\"\" class=\"wp-image-1879 size-full\" srcset=\"https:\/\/pjcanindeyu.gov.py\/wp-content\/uploads\/2023\/03\/8-e1675340007619.jpg 608w, https:\/\/pjcanindeyu.gov.py\/wp-content\/uploads\/2023\/03\/8-e1675340007619-300x268.jpg 300w\" sizes=\"auto, (max-width: 608px) 100vw, 608px\" \/><\/figure><div class=\"wp-block-media-text__content\">\n<p class=\"has-text-align-left\"><strong>Abg. Ram\u00f3n Alberto Florent\u00edn Cardozo<\/strong><\/p>\n<\/div><\/div>\n\n\n\n<p class=\"has-text-align-center\">&nbsp;<\/p>\n\n\n\n<h5 class=\"wp-block-heading\"><strong>Garant\u00edas N\u00ba 3 y Penal Adolescente<\/strong><\/h5>\n\n\n\n<div class=\"wp-block-media-text\" style=\"grid-template-columns:15% auto\"><figure class=\"wp-block-media-text__media\"><img loading=\"lazy\" decoding=\"async\" width=\"1009\" height=\"1024\" src=\"https:\/\/pjcanindeyu.gov.py\/wp-content\/uploads\/2025\/05\/Marcos-Gimenez-2025-1009x1024.png\" alt=\"\" class=\"wp-image-4574 size-full\" srcset=\"https:\/\/pjcanindeyu.gov.py\/wp-content\/uploads\/2025\/05\/Marcos-Gimenez-2025-1009x1024.png 1009w, https:\/\/pjcanindeyu.gov.py\/wp-content\/uploads\/2025\/05\/Marcos-Gimenez-2025-296x300.png 296w, https:\/\/pjcanindeyu.gov.py\/wp-content\/uploads\/2025\/05\/Marcos-Gimenez-2025-768x780.png 768w, https:\/\/pjcanindeyu.gov.py\/wp-content\/uploads\/2025\/05\/Marcos-Gimenez-2025-1513x1536.png 1513w, https:\/\/pjcanindeyu.gov.py\/wp-content\/uploads\/2025\/05\/Marcos-Gimenez-2025-2017x2048.png 2017w\" sizes=\"auto, (max-width: 1009px) 100vw, 1009px\" \/><\/figure><div class=\"wp-block-media-text__content\">\n<p class=\"has-text-align-left\"><strong>Abg. Marcos Gim\u00e9nez Rivas <\/strong><\/p>\n<\/div><\/div>\n<\/div><\/div>\n\n\n\n<p class=\"has-text-align-center\"><\/p>\n\n\n\n<p><\/p>\n\n\n\n<p><\/p>\n\n\n\n<p class=\"has-text-align-left accordion\">&#8211; Katuete<\/p>\n\n\n\n<div class=\"wp-block-group panel\"><div class=\"wp-block-group__inner-container is-layout-flow wp-block-group-is-layout-flow\">\n<h5 class=\"wp-block-heading\"><strong>Garant\u00edas N\u00ba 1  y Penal Adolescente<\/strong><\/h5>\n\n\n\n<div class=\"wp-block-media-text is-stacked-on-mobile\" style=\"grid-template-columns:15% auto\"><figure class=\"wp-block-media-text__media\"><img loading=\"lazy\" decoding=\"async\" width=\"757\" height=\"768\" src=\"https:\/\/pjcanindeyu.gov.py\/wp-content\/uploads\/2023\/03\/Alcira.png\" alt=\"\" class=\"wp-image-1906 size-full\" srcset=\"https:\/\/pjcanindeyu.gov.py\/wp-content\/uploads\/2023\/03\/Alcira.png 757w, https:\/\/pjcanindeyu.gov.py\/wp-content\/uploads\/2023\/03\/Alcira-296x300.png 296w\" sizes=\"auto, (max-width: 757px) 100vw, 757px\" \/><\/figure><div class=\"wp-block-media-text__content\">\n<p class=\"has-text-align-center\"><strong>Abg. Alcira de Souza Lima Colman<\/strong><\/p>\n<\/div><\/div>\n\n\n\n<p><\/p>\n\n\n\n<h5 class=\"wp-block-heading\"><strong>Penal de Garant\u00edas N\u00ba 2<\/strong><\/h5>\n\n\n\n<div class=\"wp-block-media-text is-stacked-on-mobile\" style=\"grid-template-columns:17% auto\"><figure class=\"wp-block-media-text__media\"><img loading=\"lazy\" decoding=\"async\" width=\"757\" height=\"768\" src=\"https:\/\/pjcanindeyu.gov.py\/wp-content\/uploads\/2023\/03\/Hilda-Acosta.png\" alt=\"\" class=\"wp-image-1933 size-full\" srcset=\"https:\/\/pjcanindeyu.gov.py\/wp-content\/uploads\/2023\/03\/Hilda-Acosta.png 757w, https:\/\/pjcanindeyu.gov.py\/wp-content\/uploads\/2023\/03\/Hilda-Acosta-296x300.png 296w\" sizes=\"auto, (max-width: 757px) 100vw, 757px\" \/><\/figure><div class=\"wp-block-media-text__content\">\n<p class=\"has-text-align-center\"><strong>Abg. Ilda Rosa Acosta Alvarenga<\/strong><\/p>\n<\/div><\/div>\n\n\n\n<p><\/p>\n\n\n\n<p><\/p>\n\n\n\n<p><\/p>\n<\/div><\/div>\n","protected":false},"excerpt":{"rendered":"<p>A los jueces penales de garant\u00eda, de acuerdo al Art. 282 del C\u00f3digo Procesal Penal, les corresponder\u00e1: 1. Realizar los anticipos jurisdiccionales de prueba; 2. Resolver los incidentes, excepciones y dem\u00e1s peticiones de las partes, otorgar autorizaciones; y, 3. en general, controlar el cumplimiento de todos los principios y garant\u00edas [&hellip;]<\/p>\n","protected":false},"author":1,"featured_media":0,"parent":0,"menu_order":0,"comment_status":"closed","ping_status":"closed","template":"","meta":{"footnotes":""},"class_list":["post-549","page","type-page","status-publish","hentry"],"_links":{"self":[{"href":"https:\/\/pjcanindeyu.gov.py\/index.php?rest_route=\/wp\/v2\/pages\/549","targetHints":{"allow":["GET"]}}],"collection":[{"href":"https:\/\/pjcanindeyu.gov.py\/index.php?rest_route=\/wp\/v2\/pages"}],"about":[{"href":"https:\/\/pjcanindeyu.gov.py\/index.php?rest_route=\/wp\/v2\/types\/page"}],"author":[{"embeddable":true,"href":"https:\/\/pjcanindeyu.gov.py\/index.php?rest_route=\/wp\/v2\/users\/1"}],"replies":[{"embeddable":true,"href":"https:\/\/pjcanindeyu.gov.py\/index.php?rest_route=%2Fwp%2Fv2%2Fcomments&post=549"}],"version-history":[{"count":13,"href":"https:\/\/pjcanindeyu.gov.py\/index.php?rest_route=\/wp\/v2\/pages\/549\/revisions"}],"predecessor-version":[{"id":4575,"href":"https:\/\/pjcanindeyu.gov.py\/index.php?rest_route=\/wp\/v2\/pages\/549\/revisions\/4575"}],"wp:attachment":[{"href":"https:\/\/pjcanindeyu.gov.py\/index.php?rest_route=%2Fwp%2Fv2%2Fmedia&parent=549"}],"curies":[{"name":"wp","href":"https:\/\/api.w.org\/{rel}","templated":true}]}}