{"id":732,"date":"2022-09-15T10:13:08","date_gmt":"2022-09-15T14:13:08","guid":{"rendered":"http:\/\/172.31.162.97\/pagina\/?page_id=732"},"modified":"2026-08-28T07:51:07","modified_gmt":"2026-08-28T10:51:07","slug":"juzgados-de-paz","status":"publish","type":"page","link":"https:\/\/pjcanindeyu.gov.py\/v1\/juzgados-de-paz\/","title":{"rendered":"Juzgados de Paz"},"content":{"rendered":"\n<p class=\"wp-block-paragraph\"><style>\/*! elementor - v3.7.5 - 14-09-2022 *\/<br \/>\n.elementor-heading-title{padding:0;margin:0;line-height:1}.elementor-widget-heading .elementor-heading-title[class*=elementor-size-]>a{color:inherit;font-size:inherit;line-height:inherit}.elementor-widget-heading .elementor-heading-title.elementor-size-small{font-size:15px}.elementor-widget-heading .elementor-heading-title.elementor-size-medium{font-size:19px}.elementor-widget-heading .elementor-heading-title.elementor-size-large{font-size:29px}.elementor-widget-heading .elementor-heading-title.elementor-size-xl{font-size:39px}.elementor-widget-heading .elementor-heading-title.elementor-size-xxl{font-size:59px}<\/style><\/p>\n\n\n\n<h4 class=\"wp-block-heading accordion\">Informaci\u00f3n General<\/h4>\n\n\n\n<div class=\"wp-block-group panel\"><div class=\"wp-block-group__inner-container is-layout-flow wp-block-group-is-layout-flow\">\n<p class=\"wp-block-paragraph\"><em><strong>Por la Ley 6059\/18, se ampliaron las competencias de los JUZGADOS DE PAZ. &nbsp;por tanto, en la actualidad conocen (art. 1\u00ba):<\/strong><\/em><\/p>\n\n\n\n<p class=\"wp-block-paragraph\">a) de los asuntos de la ni\u00f1ez y adolescencia, civiles, comerciales o laborales en los cuales el valor del litigio no exceda del equivalente a trescientos jornales m\u00ednimos legales para actividades diversas no especificadas, con exclusi\u00f3n de los que se refieran al estado civil de las personas, al derecho de familia, convocaci\u00f3n de acreedores y quiebras, las acciones reales y posesorias sobre inmuebles, salvo aquellos que se planteen con motivo de una tercer\u00eda de dominio;<\/p>\n\n\n\n<p class=\"wp-block-paragraph\">b) de las acciones posesorias y acciones sucesorias de las propiedades rurales de hasta cincuenta hect\u00e1reas; y las urbanas cuya valuaci\u00f3n fiscal no exceda de la cuant\u00eda atribuida a su competencia;<\/p>\n\n\n\n<p class=\"wp-block-paragraph\">c) de las demandas, por resoluci\u00f3n de contrato de locaci\u00f3n que se funden en la falta de pago de alquileres, siempre que no se exceda la cuant\u00eda atribuida a su competencia;<\/p>\n\n\n\n<p class=\"wp-block-paragraph\">d) de los juicios de alimentos, siempre que el afectado haya alcanzado la mayor\u00eda de edad; de la homologaci\u00f3n de acuerdos conciliatorios en materia de asistencia alimentaria; r\u00e9gimen de convivencia y relacionamiento;<\/p>\n\n\n\n<p class=\"wp-block-paragraph\">e) de las restricciones y l\u00edmites al dominio o sobre condominio de muros y cercos, y en particular, los que se susciten con motivo de la vecindad urbana o rural, siempre que la valuaci\u00f3n fiscal no exceda la cuant\u00eda atribuida a su competencia;<\/p>\n\n\n\n<p class=\"wp-block-paragraph\">f) de la mensura, deslinde y amojonamiento, siempre que el valor real del fundo no exceda la cuant\u00eda de su competencia;<\/p>\n\n\n\n<p class=\"wp-block-paragraph\">g) del beneficio para litigar sin gastos iniciados para tramitaci\u00f3n de juicios que corresponden al \u00e1mbito de su competencia;<\/p>\n\n\n\n<p class=\"wp-block-paragraph\">h) de las diligencias preparatorias y pruebas anticipadas, correspondientes a los juicios tramitados en el \u00e1mbito de su competencia;<\/p>\n\n\n\n<p class=\"wp-block-paragraph\">i) de la autorizaci\u00f3n para contraer matrimonio a menores de edad, domiciliados en el territorio de su competencia;<\/p>\n\n\n\n<p class=\"wp-block-paragraph\">j) de la curatela o insania, en los supuestos en que se acredite que el incapaz no posee bienes;<\/p>\n\n\n\n<p class=\"wp-block-paragraph\">k) de la informaci\u00f3n sumaria de testigos;<\/p>\n\n\n\n<p class=\"wp-block-paragraph\">l) de las medidas de seguridad urgentes establecidas en el Art\u00edculo 70 de la&nbsp;Ley N\u00b0 1680\/01&nbsp;\u201cC\u00d3DIGO DE LA NI\u00d1EZ Y LA ADOLESCENCIA\u201d; y,<\/p>\n\n\n\n<p class=\"wp-block-paragraph\">m) las competencias establecidas en la&nbsp;Ley N\u00b0 1600\/00&nbsp;\u201cCONTRA LA VIOLENCIA DOM\u00c9STICA\u201d.<\/p>\n\n\n\n<p class=\"wp-block-paragraph\"><em><strong>Competencia por la Cuant\u00eda:<\/strong>&nbsp;Los Juzgados de Paz son competentes para entender en los juicios cuyo monto o cuant\u00eda no supere los 300 jornales (equivalen a la fecha la suma de Gs. 26.415.300), cuando el litigio tenga un valor superior a dicho monto ser\u00e1 competente el Juzgado de Primera Instancia.<\/em><\/p>\n<\/div><\/div>\n\n\n\n<hr class=\"wp-block-separator has-alpha-channel-opacity\"\/>\n\n\n\n<h4 class=\"wp-block-heading\">Localidades de Juzgados de Paz en la XV Circunscripci\u00f3n Judicial de Canindey\u00fa<\/h4>\n\n\n\n<hr class=\"wp-block-separator has-alpha-channel-opacity\"\/>\n\n\n\n<p class=\"accordion wp-block-paragraph\"><a>Saltos del Guair\u00e1<\/a><\/p>\n\n\n\n<div class=\"wp-block-group alignwide panel\"><div class=\"wp-block-group__inner-container is-layout-constrained wp-block-group-is-layout-constrained\">\n<h6 class=\"wp-block-heading\">Magistrada<\/h6>\n\n\n\n<div class=\"wp-block-media-text is-stacked-on-mobile\" style=\"grid-template-columns:19% auto\"><figure class=\"wp-block-media-text__media\"><img decoding=\"async\" src=\"https:\/\/pjcanindeyu.gov.py\/v1\/wp-content\/uploads\/2023\/03\/Lidio-Valdez.png\" alt=\"\" class=\"wp-image-1947 size-full\"\/><\/figure><div class=\"wp-block-media-text__content\">\n<p class=\"has-text-align-center wp-block-paragraph\">Lidio Vicente Valdez Cuenca<\/p>\n\n\n\n<p class=\"has-text-align-center wp-block-paragraph\">Jueza de Paz de Saltos del Guair\u00e1<\/p>\n<\/div><\/div>\n\n\n\n<hr class=\"wp-block-separator has-alpha-channel-opacity\"\/>\n\n\n\n<h6 class=\"wp-block-heading\">Fotos de la Sede<\/h6>\n\n\n\n<div class=\"wp-block-columns galeria is-layout-flex wp-container-core-columns-is-layout-8f761849 wp-block-columns-is-layout-flex\">\n<div class=\"wp-block-column is-layout-flow wp-block-column-is-layout-flow\"><div class=\"wp-block-image rounded\">\n<figure class=\"aligncenter size-large\"><a href=\"https:\/\/pjcanindeyu.gov.py\/wp-content\/uploads\/2023\/03\/Salto.jpg\"><img decoding=\"async\" src=\"https:\/\/pjcanindeyu.gov.py\/wp-content\/uploads\/2023\/03\/Salto-1024x709.jpg\" alt=\"\" class=\"wp-image-1787\"\/><\/a><\/figure>\n<\/div><\/div>\n\n\n\n<div class=\"wp-block-column is-layout-flow wp-block-column-is-layout-flow\"><div class=\"wp-block-image rounded\">\n<figure class=\"aligncenter size-large\"><a href=\"https:\/\/pjcanindeyu.gov.py\/v1\/wp-content\/uploads\/2023\/05\/Ina-Salto0.jpg\"><img decoding=\"async\" src=\"https:\/\/pjcanindeyu.gov.py\/v1\/wp-content\/uploads\/2023\/05\/Ina-Salto0-1024x709.jpg\" alt=\"\" class=\"wp-image-2290\"\/><\/a><\/figure>\n<\/div><\/div>\n<\/div>\n\n\n\n<hr class=\"wp-block-separator has-alpha-channel-opacity\"\/>\n\n\n\n<h6 class=\"wp-block-heading\">Contacto<\/h6>\n\n\n\n<div class=\"wp-block-columns is-layout-flex wp-container-core-columns-is-layout-8f761849 wp-block-columns-is-layout-flex\">\n<div class=\"wp-block-column is-vertically-aligned-center is-layout-flow wp-block-column-is-layout-flow\">\n<h5 class=\"wp-block-heading has-text-align-center\">Ubicaci\u00f3n<\/h5>\n\n\n\n<iframe src=\"https:\/\/www.google.com\/maps\/embed?pb=!1m14!1m8!1m3!1d14572.933908230656!2d-54.3351708!3d-24.0580813!3m2!1i1024!2i768!4f13.1!3m3!1m2!1s0x94f4b19be756ddeb%3A0x3fc09e43c3a7b027!2sJuzgado%20de%20Paz%20-%20Salto%20del%20Guair%C3%A1!5e0!3m2!1ses!2spy!4v1685027817802!5m2!1ses!2spy\" width=\"200\" height=\"150\" style=\"border:0;\" allowfullscreen=\"\" loading=\"lazy\" referrerpolicy=\"no-referrer-when-downgrade\"><\/iframe>\n<\/div>\n\n\n\n<div class=\"wp-block-column is-vertically-aligned-center is-layout-flow wp-block-column-is-layout-flow\">\n<h5 class=\"wp-block-heading has-text-align-center\">Direcci\u00f3n<\/h5>\n\n\n\n<div class=\"wp-block-columns is-layout-flex wp-container-core-columns-is-layout-8f761849 wp-block-columns-is-layout-flex\">\n<div class=\"wp-block-column is-vertically-aligned-center is-layout-flow wp-block-column-is-layout-flow\" style=\"flex-basis:100%\">\n<p class=\"has-text-align-center wp-block-paragraph\">Calle 2 e\/ Calle 5 y Calle 6, Fracci\u00f3n Ex \u201cBernardes\u201d, Colonia Nacional Canindey\u00fa<\/p>\n<\/div>\n<\/div>\n<\/div>\n<\/div>\n\n\n\n<p class=\"has-text-align-center wp-block-paragraph\"><\/p>\n<\/div><\/div>\n\n\n\n<hr class=\"wp-block-separator has-alpha-channel-opacity\"\/>\n\n\n\n<p class=\"accordion wp-block-paragraph\"><a>Curuguaty<\/a><\/p>\n\n\n\n<div class=\"wp-block-group panel\"><div class=\"wp-block-group__inner-container is-layout-constrained wp-block-group-is-layout-constrained\">\n<h6 class=\"wp-block-heading\">Magistrados<\/h6>\n\n\n\n<div class=\"wp-block-group\"><div class=\"wp-block-group__inner-container is-layout-flow wp-block-group-is-layout-flow\">\n<div class=\"wp-block-media-text alignwide is-stacked-on-mobile\" style=\"grid-template-columns:19% auto\"><figure class=\"wp-block-media-text__media\"><img decoding=\"async\" src=\"https:\/\/pjcanindeyu.gov.py\/v1\/wp-content\/uploads\/2023\/03\/Jose-Lopez.png\" alt=\"\" class=\"wp-image-1943 size-full\"\/><\/figure><div class=\"wp-block-media-text__content\">\n<p class=\"has-text-align-center wp-block-paragraph\"><strong>Abg.<\/strong> <strong>Jos\u00e9 L\u00f3pez \u00c1valos<\/strong><\/p>\n\n\n\n<p class=\"has-text-align-center wp-block-paragraph\">Juez de Paz Primer Turno de Curuguaty<\/p>\n<\/div><\/div>\n\n\n\n<hr class=\"wp-block-separator has-alpha-channel-opacity\"\/>\n\n\n\n<div class=\"wp-block-media-text alignwide is-stacked-on-mobile\" style=\"grid-template-columns:19% auto\"><figure class=\"wp-block-media-text__media\"><img decoding=\"async\" src=\"https:\/\/pjcanindeyu.gov.py\/v1\/wp-content\/uploads\/2023\/03\/Miguel-Riveros.png\" alt=\"\" class=\"wp-image-1957 size-full\"\/><\/figure><div class=\"wp-block-media-text__content\">\n<p class=\"has-text-align-center wp-block-paragraph\"><strong>Abg. Miguel \u00c1ngel Riveros Storm<\/strong><\/p>\n\n\n\n<p class=\"has-text-align-center wp-block-paragraph\">Juez de Paz Segundo Turno de Curuguaty<\/p>\n<\/div><\/div>\n<\/div><\/div>\n\n\n\n<hr class=\"wp-block-separator has-alpha-channel-opacity\"\/>\n\n\n\n<h6 class=\"wp-block-heading\">Fotos de la Sede<\/h6>\n\n\n\n<div class=\"wp-block-columns galeria is-layout-flex wp-container-core-columns-is-layout-8f761849 wp-block-columns-is-layout-flex\">\n<div class=\"wp-block-column is-layout-flow wp-block-column-is-layout-flow\"><div class=\"wp-block-image rounded\">\n<figure class=\"aligncenter size-large\"><a href=\"https:\/\/pjcanindeyu.gov.py\/v1\/wp-content\/uploads\/2023\/05\/Ina-Curuguaty0.jpg\"><img decoding=\"async\" src=\"https:\/\/pjcanindeyu.gov.py\/v1\/wp-content\/uploads\/2023\/05\/Ina-Curuguaty0-1024x709.jpg\" alt=\"\" class=\"wp-image-2306\"\/><\/a><\/figure>\n<\/div><\/div>\n\n\n\n<div class=\"wp-block-column is-layout-flow wp-block-column-is-layout-flow\"><div class=\"wp-block-image rounded\">\n<figure class=\"aligncenter size-large\"><a href=\"https:\/\/pjcanindeyu.gov.py\/v1\/wp-content\/uploads\/2023\/05\/Ina-Curuguaty8.jpg\"><img decoding=\"async\" src=\"https:\/\/pjcanindeyu.gov.py\/v1\/wp-content\/uploads\/2023\/05\/Ina-Curuguaty8-1024x709.jpg\" alt=\"\" class=\"wp-image-2314\"\/><\/a><\/figure>\n<\/div><\/div>\n<\/div>\n\n\n\n<hr class=\"wp-block-separator has-alpha-channel-opacity\"\/>\n\n\n\n<h6 class=\"wp-block-heading\">Contacto<\/h6>\n\n\n\n<div class=\"wp-block-columns is-layout-flex wp-container-core-columns-is-layout-8f761849 wp-block-columns-is-layout-flex\">\n<div class=\"wp-block-column is-vertically-aligned-center is-layout-flow wp-block-column-is-layout-flow\">\n<h5 class=\"wp-block-heading has-text-align-center\">Ubicaci\u00f3n<\/h5>\n\n\n\n<iframe src=\"https:\/\/www.google.com\/maps\/embed?pb=!1m14!1m8!1m3!1d776.633281510018!2d-55.7014507!3d-24.4722459!3m2!1i1024!2i768!4f13.1!3m3!1m2!1s0x945fe579bc83b225%3A0x4b03d02181b2ae37!2sJuzgado%20de%20Paz%20de%20Curuguaty!5e1!3m2!1ses!2spy!4v1669645096906!5m2!1ses!2spy\" width=\"200\" height=\"150\" style=\"border:0;\" allowfullscreen=\"\" loading=\"lazy\" referrerpolicy=\"no-referrer-when-downgrade\"><\/iframe>\n<\/div>\n\n\n\n<div class=\"wp-block-column is-vertically-aligned-center is-layout-flow wp-block-column-is-layout-flow\">\n<h5 class=\"wp-block-heading has-text-align-center\">Direcci\u00f3n<\/h5>\n\n\n\n<div class=\"wp-block-columns is-layout-flex wp-container-core-columns-is-layout-8f761849 wp-block-columns-is-layout-flex\">\n<div class=\"wp-block-column is-vertically-aligned-center is-layout-flow wp-block-column-is-layout-flow\" style=\"flex-basis:100%\">\n<p class=\"has-text-align-center wp-block-paragraph\">Calle 1\u00b0 de marzo c\/ 8 de diciembre. B\u00b0 F\u00e1tima.<\/p>\n<\/div>\n<\/div>\n<\/div>\n<\/div>\n\n\n\n<div class=\"wp-block-group panel\"><div class=\"wp-block-group__inner-container is-layout-flow wp-block-group-is-layout-flow\">\n<p class=\"has-text-align-center wp-block-paragraph\"><\/p>\n\n\n\n<p class=\"wp-block-paragraph\"><\/p>\n<\/div><\/div>\n<\/div><\/div>\n\n\n\n<hr class=\"wp-block-separator has-alpha-channel-opacity\"\/>\n\n\n\n<p class=\"accordion wp-block-paragraph\"><a>Katuete<\/a><\/p>\n\n\n\n<div class=\"wp-block-group alignwide panel\"><div class=\"wp-block-group__inner-container is-layout-constrained wp-block-group-is-layout-constrained\">\n<h6 class=\"wp-block-heading\">Magistrada<\/h6>\n\n\n\n<div class=\"wp-block-media-text is-stacked-on-mobile\" style=\"grid-template-columns:19% auto\"><figure class=\"wp-block-media-text__media\"><img loading=\"lazy\" decoding=\"async\" width=\"609\" height=\"619\" src=\"https:\/\/pjcanindeyu.gov.py\/v1\/wp-content\/uploads\/2023\/03\/Barbara-Analia.png\" alt=\"\" class=\"wp-image-8262 size-full\" srcset=\"https:\/\/pjcanindeyu.gov.py\/v1\/wp-content\/uploads\/2023\/03\/Barbara-Analia.png 609w, https:\/\/pjcanindeyu.gov.py\/v1\/wp-content\/uploads\/2023\/03\/Barbara-Analia-295x300.png 295w\" sizes=\"auto, (max-width: 609px) 100vw, 609px\" \/><\/figure><div class=\"wp-block-media-text__content\">\n<p class=\"has-text-align-center wp-block-paragraph\"><strong>Abg.<\/strong> B\u00e1bara Anal\u00eda Peralta (Interina)<\/p>\n\n\n\n<p class=\"has-text-align-center wp-block-paragraph\">Jueza de Paz de Katuete<\/p>\n<\/div><\/div>\n\n\n\n<hr class=\"wp-block-separator has-alpha-channel-opacity\"\/>\n\n\n\n<h6 class=\"wp-block-heading\">Fotos de la Sede<\/h6>\n\n\n\n<div class=\"wp-block-columns galeria is-layout-flex wp-container-core-columns-is-layout-8f761849 wp-block-columns-is-layout-flex\">\n<div class=\"wp-block-column is-layout-flow wp-block-column-is-layout-flow\"><div class=\"wp-block-image rounded\">\n<figure class=\"aligncenter size-large\"><a href=\"https:\/\/pjcanindeyu.gov.py\/v1\/wp-content\/uploads\/2023\/05\/Ina-Katuete0.jpg\"><img decoding=\"async\" src=\"https:\/\/pjcanindeyu.gov.py\/v1\/wp-content\/uploads\/2023\/05\/Ina-Katuete0-1024x709.jpg\" alt=\"\" class=\"wp-image-2331\"\/><\/a><\/figure>\n<\/div><\/div>\n\n\n\n<div class=\"wp-block-column is-layout-flow wp-block-column-is-layout-flow\"><div class=\"wp-block-image rounded\">\n<figure class=\"aligncenter size-large\"><a href=\"https:\/\/pjcanindeyu.gov.py\/wp-content\/uploads\/2023\/03\/2-6.jpg\"><img decoding=\"async\" src=\"https:\/\/pjcanindeyu.gov.py\/wp-content\/uploads\/2023\/03\/2-6-1024x709.jpg\" alt=\"\" class=\"wp-image-1830\"\/><\/a><\/figure>\n<\/div><\/div>\n<\/div>\n\n\n\n<hr class=\"wp-block-separator has-alpha-channel-opacity\"\/>\n\n\n\n<h6 class=\"wp-block-heading\">Contacto<\/h6>\n\n\n\n<div class=\"wp-block-columns is-layout-flex wp-container-core-columns-is-layout-8f761849 wp-block-columns-is-layout-flex\">\n<div class=\"wp-block-column is-vertically-aligned-center is-layout-flow wp-block-column-is-layout-flow\">\n<h5 class=\"wp-block-heading has-text-align-center\">Ubicaci\u00f3n<\/h5>\n\n\n\n<iframe src=\"https:\/\/www.google.com\/maps\/embed?pb=!1m14!1m8!1m3!1d778.6973943666629!2d-54.615117563448536!3d-24.135494461332783!3m2!1i1024!2i768!4f13.1!3m3!1m2!1s0x94f4d1cda8321cfb%3A0x474bada3adb19878!2sJuzgado%20De%20Paz!5e1!3m2!1ses!2spy!4v1669645147228!5m2!1ses!2spy\" width=\"200\" height=\"150\" style=\"border:0;\" allowfullscreen=\"\" loading=\"lazy\" referrerpolicy=\"no-referrer-when-downgrade\"><\/iframe>\n<\/div>\n\n\n\n<div class=\"wp-block-column is-vertically-aligned-center is-layout-flow wp-block-column-is-layout-flow\">\n<h5 class=\"wp-block-heading has-text-align-center\">Direcci\u00f3n<\/h5>\n\n\n\n<div class=\"wp-block-columns is-layout-flex wp-container-core-columns-is-layout-8f761849 wp-block-columns-is-layout-flex\">\n<div class=\"wp-block-column is-vertically-aligned-center is-layout-flow wp-block-column-is-layout-flow\" style=\"flex-basis:100%\">\n<p class=\"has-text-align-center wp-block-paragraph\">Calle Perpetuo Socorro c\/Eusebio Ayala.<\/p>\n<\/div>\n<\/div>\n<\/div>\n<\/div>\n\n\n\n<p class=\"has-text-align-center wp-block-paragraph\"><\/p>\n<\/div><\/div>\n\n\n\n<hr class=\"wp-block-separator has-alpha-channel-opacity\"\/>\n\n\n\n<p class=\"accordion wp-block-paragraph\"><a>La Paloma<\/a><\/p>\n\n\n\n<div class=\"wp-block-group alignwide panel\"><div class=\"wp-block-group__inner-container is-layout-constrained wp-block-group-is-layout-constrained\">\n<h6 class=\"wp-block-heading\">Magistrado<\/h6>\n\n\n\n<div class=\"wp-block-media-text is-stacked-on-mobile\" style=\"grid-template-columns:19% auto\"><figure class=\"wp-block-media-text__media\"><img loading=\"lazy\" decoding=\"async\" width=\"1024\" height=\"682\" src=\"https:\/\/pjcanindeyu.gov.py\/v1\/wp-content\/uploads\/2026\/07\/Juramento-Hector-1024x682.png\" alt=\"\" class=\"wp-image-6667 size-full\" srcset=\"https:\/\/pjcanindeyu.gov.py\/v1\/wp-content\/uploads\/2026\/07\/Juramento-Hector-1024x682.png 1024w, https:\/\/pjcanindeyu.gov.py\/v1\/wp-content\/uploads\/2026\/07\/Juramento-Hector-300x200.png 300w, https:\/\/pjcanindeyu.gov.py\/v1\/wp-content\/uploads\/2026\/07\/Juramento-Hector-768x512.png 768w, https:\/\/pjcanindeyu.gov.py\/v1\/wp-content\/uploads\/2026\/07\/Juramento-Hector-1536x1023.png 1536w, https:\/\/pjcanindeyu.gov.py\/v1\/wp-content\/uploads\/2026\/07\/Juramento-Hector.png 1600w\" sizes=\"auto, (max-width: 1024px) 100vw, 1024px\" \/><\/figure><div class=\"wp-block-media-text__content\">\n<p class=\"has-text-align-center wp-block-paragraph\"><strong>Abg. H\u00e9ctor Rub\u00e9n Ayala<\/strong><\/p>\n\n\n\n<p class=\"has-text-align-center wp-block-paragraph\">Juez de Paz de Francisco Caballero \u00c1lvarez con asiento en La Paloma del Esp\u00edritu Santo<\/p>\n<\/div><\/div>\n\n\n\n<hr class=\"wp-block-separator has-alpha-channel-opacity\"\/>\n\n\n\n<h6 class=\"wp-block-heading\">Fotos de la Sede<\/h6>\n\n\n\n<div class=\"wp-block-columns galeria is-layout-flex wp-container-core-columns-is-layout-8f761849 wp-block-columns-is-layout-flex\">\n<div class=\"wp-block-column is-layout-flow wp-block-column-is-layout-flow\"><div class=\"wp-block-image rounded\">\n<figure class=\"aligncenter size-large\"><a href=\"https:\/\/pjcanindeyu.gov.py\/v1\/wp-content\/uploads\/2023\/03\/paloma2.jpg\"><img decoding=\"async\" src=\"https:\/\/pjcanindeyu.gov.py\/v1\/wp-content\/uploads\/2023\/03\/paloma2-1024x709.jpg\" alt=\"\" class=\"wp-image-1970\"\/><\/a><\/figure>\n<\/div><\/div>\n\n\n\n<div class=\"wp-block-column is-layout-flow wp-block-column-is-layout-flow\"><div class=\"wp-block-image rounded\">\n<figure class=\"aligncenter size-large\"><a href=\"https:\/\/pjcanindeyu.gov.py\/v1\/wp-content\/uploads\/2023\/03\/paloma.jpg\"><img decoding=\"async\" src=\"https:\/\/pjcanindeyu.gov.py\/v1\/wp-content\/uploads\/2023\/03\/paloma-1024x709.jpg\" alt=\"\" class=\"wp-image-1969\"\/><\/a><\/figure>\n<\/div><\/div>\n<\/div>\n\n\n\n<hr class=\"wp-block-separator has-alpha-channel-opacity\"\/>\n\n\n\n<h6 class=\"wp-block-heading\">Contacto<\/h6>\n\n\n\n<div class=\"wp-block-columns is-layout-flex wp-container-core-columns-is-layout-8f761849 wp-block-columns-is-layout-flex\">\n<div class=\"wp-block-column is-vertically-aligned-center is-layout-flow wp-block-column-is-layout-flow\">\n<h5 class=\"wp-block-heading has-text-align-center\">Ubicaci\u00f3n<\/h5>\n\n\n\n<iframe src=\"https:\/\/www.google.com\/maps\/embed?pb=!1m18!1m12!1m3!1d1557.3966435945156!2d-54.615338452317!3d-24.135342162937185!2m3!1f0!2f0!3f0!3m2!1i1024!2i768!4f13.1!3m3!1m2!1s0x94f4d1cda8321cfb%3A0x474bada3adb19878!2sJuzgado%20De%20Paz!5e1!3m2!1ses!2spy!4v1669645222967!5m2!1ses!2spy\" width=\"200\" height=\"150\" style=\"border:0;\" allowfullscreen=\"\" loading=\"lazy\" referrerpolicy=\"no-referrer-when-downgrade\"><\/iframe>\n<\/div>\n\n\n\n<div class=\"wp-block-column is-vertically-aligned-center is-layout-flow wp-block-column-is-layout-flow\">\n<h5 class=\"wp-block-heading has-text-align-center\">Direcci\u00f3n<\/h5>\n\n\n\n<div class=\"wp-block-columns is-layout-flex wp-container-core-columns-is-layout-8f761849 wp-block-columns-is-layout-flex\">\n<div class=\"wp-block-column is-vertically-aligned-center is-layout-flow wp-block-column-is-layout-flow\" style=\"flex-basis:100%\">\n<p class=\"has-text-align-center wp-block-paragraph\">Calle Boquer\u00f3n e\/ Florida. Barrio Santa Rosa<\/p>\n<\/div>\n<\/div>\n<\/div>\n<\/div>\n<\/div><\/div>\n\n\n\n<div class=\"wp-block-group panel\"><div class=\"wp-block-group__inner-container is-layout-flow wp-block-group-is-layout-flow\">\n<p class=\"has-text-align-center wp-block-paragraph\"><\/p>\n<\/div><\/div>\n\n\n\n<hr class=\"wp-block-separator has-alpha-channel-opacity\"\/>\n\n\n\n<p class=\"accordion wp-block-paragraph\"><a>Nueva Esperanza<\/a><\/p>\n\n\n\n<div class=\"wp-block-group panel\"><div class=\"wp-block-group__inner-container is-layout-constrained wp-block-group-is-layout-constrained\">\n<h6 class=\"wp-block-heading\">Magistrada<\/h6>\n\n\n\n<div class=\"wp-block-media-text is-stacked-on-mobile\" style=\"grid-template-columns:19% auto\"><figure class=\"wp-block-media-text__media\"><img loading=\"lazy\" decoding=\"async\" width=\"1009\" height=\"1024\" src=\"https:\/\/pjcanindeyu.gov.py\/v1\/wp-content\/uploads\/2025\/02\/Elga-Natalia-Vargas-1009x1024.png\" alt=\"\" class=\"wp-image-6687 size-full\" srcset=\"https:\/\/pjcanindeyu.gov.py\/v1\/wp-content\/uploads\/2025\/02\/Elga-Natalia-Vargas-1009x1024.png 1009w, https:\/\/pjcanindeyu.gov.py\/v1\/wp-content\/uploads\/2025\/02\/Elga-Natalia-Vargas-296x300.png 296w, https:\/\/pjcanindeyu.gov.py\/v1\/wp-content\/uploads\/2025\/02\/Elga-Natalia-Vargas-768x780.png 768w, https:\/\/pjcanindeyu.gov.py\/v1\/wp-content\/uploads\/2025\/02\/Elga-Natalia-Vargas-1513x1536.png 1513w, https:\/\/pjcanindeyu.gov.py\/v1\/wp-content\/uploads\/2025\/02\/Elga-Natalia-Vargas-2017x2048.png 2017w\" sizes=\"auto, (max-width: 1009px) 100vw, 1009px\" \/><\/figure><div class=\"wp-block-media-text__content\">\n<p class=\"has-text-align-center wp-block-paragraph\"><strong>Abg. Elga Natalia Vargas de Escobar<\/strong><\/p>\n\n\n\n<p class=\"has-text-align-center wp-block-paragraph\">Jueza de Paz de Nueva Esperanza <\/p>\n<\/div><\/div>\n\n\n\n<hr class=\"wp-block-separator has-alpha-channel-opacity\"\/>\n\n\n\n<h6 class=\"wp-block-heading\">Fotos de la Sede<\/h6>\n\n\n\n<div class=\"wp-block-columns galeria is-layout-flex wp-container-core-columns-is-layout-8f761849 wp-block-columns-is-layout-flex\">\n<div class=\"wp-block-column is-layout-flow wp-block-column-is-layout-flow\"><div class=\"wp-block-image rounded\">\n<figure class=\"aligncenter size-large\"><a href=\"https:\/\/pjcanindeyu.gov.py\/v1\/wp-content\/uploads\/2023\/03\/Nueva-Esperanza2.jpg\"><img decoding=\"async\" src=\"https:\/\/pjcanindeyu.gov.py\/v1\/wp-content\/uploads\/2023\/03\/Nueva-Esperanza2-1024x709.jpg\" alt=\"\" class=\"wp-image-1964\"\/><\/a><\/figure>\n<\/div><\/div>\n\n\n\n<div class=\"wp-block-column is-layout-flow wp-block-column-is-layout-flow\"><div class=\"wp-block-image rounded\">\n<figure class=\"aligncenter size-large\"><a href=\"https:\/\/pjcanindeyu.gov.py\/v1\/wp-content\/uploads\/2023\/03\/Nueva-Esperanza.jpg\"><img decoding=\"async\" src=\"https:\/\/pjcanindeyu.gov.py\/v1\/wp-content\/uploads\/2023\/03\/Nueva-Esperanza-1024x709.jpg\" alt=\"\" class=\"wp-image-1963\"\/><\/a><\/figure>\n<\/div><\/div>\n<\/div>\n\n\n\n<hr class=\"wp-block-separator has-alpha-channel-opacity\"\/>\n\n\n\n<h6 class=\"wp-block-heading\">Contacto<\/h6>\n\n\n\n<div class=\"wp-block-columns is-layout-flex wp-container-core-columns-is-layout-8f761849 wp-block-columns-is-layout-flex\">\n<div class=\"wp-block-column is-vertically-aligned-center is-layout-flow wp-block-column-is-layout-flow\">\n<h5 class=\"wp-block-heading has-text-align-center\">Ubicaci\u00f3n<\/h5>\n\n\n\n<iframe src=\"https:\/\/www.google.com\/maps\/embed?pb=!1m18!1m12!1m3!1d3105.86995672588!2d-54.859704799999996!3d-24.499105600000004!2m3!1f0!2f0!3f0!3m2!1i1024!2i768!4f13.1!3m3!1m2!1s0x94f51f8a8ee05c87%3A0xb1c66d500217219a!2sJuzgado%20de%20Paz%20-%20Nueva%20Esperanza!5e1!3m2!1ses!2spy!4v1669645182139!5m2!1ses!2spy\" width=\"200\" height=\"150\" style=\"border:0;\" allowfullscreen=\"\" loading=\"lazy\" referrerpolicy=\"no-referrer-when-downgrade\"><\/iframe>\n<\/div>\n\n\n\n<div class=\"wp-block-column is-vertically-aligned-center is-layout-flow wp-block-column-is-layout-flow\">\n<h5 class=\"wp-block-heading has-text-align-center\">Direcci\u00f3n<\/h5>\n\n\n\n<div class=\"wp-block-columns is-layout-flex wp-container-core-columns-is-layout-8f761849 wp-block-columns-is-layout-flex\">\n<div class=\"wp-block-column is-vertically-aligned-center is-layout-flow wp-block-column-is-layout-flow\" style=\"flex-basis:100%\">\n<p class=\"has-text-align-center wp-block-paragraph\">Calle Chivato E\/Waldemar Segismundo Rogge.&nbsp;<\/p>\n<\/div>\n<\/div>\n<\/div>\n<\/div>\n<\/div><\/div>\n\n\n\n<hr class=\"wp-block-separator has-alpha-channel-opacity\"\/>\n\n\n\n<p class=\"accordion wp-block-paragraph\"><a>Puerto Adela<\/a><\/p>\n\n\n\n<div class=\"wp-block-group panel\"><div class=\"wp-block-group__inner-container is-layout-constrained wp-block-group-is-layout-constrained\">\n<h6 class=\"wp-block-heading\">Magistrada<\/h6>\n\n\n\n<div class=\"wp-block-media-text is-stacked-on-mobile\" style=\"grid-template-columns:19% auto\"><figure class=\"wp-block-media-text__media\"><img decoding=\"async\" src=\"https:\/\/pjcanindeyu.gov.py\/v1\/wp-content\/uploads\/2023\/03\/Barbara-Analia.png\" alt=\"\" class=\"wp-image-1912 size-full\"\/><\/figure><div class=\"wp-block-media-text__content\">\n<p class=\"has-text-align-center wp-block-paragraph\"><strong>Abg. B\u00e1rbara Anal\u00eda Peralta Jubert<\/strong><\/p>\n\n\n\n<p class=\"has-text-align-center wp-block-paragraph\">Jueza de Paz de Puerto Adela<\/p>\n<\/div><\/div>\n\n\n\n<hr class=\"wp-block-separator has-alpha-channel-opacity\"\/>\n\n\n\n<h6 class=\"wp-block-heading\">Foto de la Sede<\/h6>\n\n\n\n<div class=\"wp-block-columns is-not-stacked-on-mobile galeria is-layout-flex wp-container-core-columns-is-layout-8f761849 wp-block-columns-is-layout-flex\">\n<div class=\"wp-block-column galeria is-layout-flow wp-block-column-is-layout-flow\"><div class=\"wp-block-image rounded\">\n<figure class=\"aligncenter size-large is-resized\"><a href=\"https:\/\/pjcanindeyu.gov.py\/v1\/wp-content\/uploads\/2023\/03\/Puerto-Adela.jpg\"><img decoding=\"async\" src=\"https:\/\/pjcanindeyu.gov.py\/v1\/wp-content\/uploads\/2023\/03\/Puerto-Adela-1024x709.jpg\" alt=\"\" class=\"wp-image-1976\" style=\"width:-234px;height:-162px\"\/><\/a><\/figure>\n<\/div><\/div>\n<\/div>\n\n\n\n<hr class=\"wp-block-separator has-alpha-channel-opacity\"\/>\n\n\n\n<h6 class=\"wp-block-heading\">Contacto<\/h6>\n\n\n\n<div class=\"wp-block-columns is-layout-flex wp-container-core-columns-is-layout-8f761849 wp-block-columns-is-layout-flex\">\n<div class=\"wp-block-column is-vertically-aligned-center is-layout-flow wp-block-column-is-layout-flow\">\n<h5 class=\"wp-block-heading has-text-align-center\">Ubicaci\u00f3n<\/h5>\n\n\n\n<iframe src=\"https:\/\/www.google.com\/maps\/embed?pb=!1m18!1m12!1m3!1d1553.1267437928236!2d-54.385794911841515!3d-24.483575195081173!2m3!1f0!2f0!3f0!3m2!1i1024!2i768!4f13.1!3m3!1m2!1s0x0%3A0x812f7ccb7450a178!2zMjTCsDI5JzAxLjYiUyA1NMKwMjMnMDYuMSJX!5e1!3m2!1ses!2spy!4v1669645266043!5m2!1ses!2spy\" width=\"200\" height=\"150\" style=\"border:0;\" allowfullscreen=\"\" loading=\"lazy\" referrerpolicy=\"no-referrer-when-downgrade\"><\/iframe>\n<\/div>\n\n\n\n<div class=\"wp-block-column is-vertically-aligned-center is-layout-flow wp-block-column-is-layout-flow\">\n<h5 class=\"wp-block-heading has-text-align-center\">Direcci\u00f3n<\/h5>\n\n\n\n<div class=\"wp-block-columns is-layout-flex wp-container-core-columns-is-layout-8f761849 wp-block-columns-is-layout-flex\">\n<div class=\"wp-block-column is-vertically-aligned-center is-layout-flow wp-block-column-is-layout-flow\" style=\"flex-basis:100%\">\n<p class=\"has-text-align-center wp-block-paragraph\">Barrio Centro de Puerto Adela<\/p>\n<\/div>\n<\/div>\n<\/div>\n<\/div>\n<\/div><\/div>\n\n\n\n<div class=\"wp-block-group panel\"><div class=\"wp-block-group__inner-container is-layout-flow wp-block-group-is-layout-flow\">\n<p class=\"has-text-align-center wp-block-paragraph\"><\/p>\n<\/div><\/div>\n\n\n\n<hr class=\"wp-block-separator has-alpha-channel-opacity\"\/>\n\n\n\n<p class=\"accordion wp-block-paragraph\"><a>Corpus Cristhi<\/a><\/p>\n\n\n\n<div class=\"wp-block-group panel\"><div class=\"wp-block-group__inner-container is-layout-constrained wp-block-group-is-layout-constrained\">\n<h6 class=\"wp-block-heading\">Magistrada<\/h6>\n\n\n\n<div class=\"wp-block-media-text is-stacked-on-mobile\" style=\"grid-template-columns:19% auto\"><figure class=\"wp-block-media-text__media\"><img loading=\"lazy\" decoding=\"async\" width=\"1009\" height=\"1024\" src=\"https:\/\/pjcanindeyu.gov.py\/v1\/wp-content\/uploads\/2025\/02\/Jose-Macchi-Corpus-1009x1024.png\" alt=\"\" class=\"wp-image-6695 size-full\" srcset=\"https:\/\/pjcanindeyu.gov.py\/v1\/wp-content\/uploads\/2025\/02\/Jose-Macchi-Corpus-1009x1024.png 1009w, https:\/\/pjcanindeyu.gov.py\/v1\/wp-content\/uploads\/2025\/02\/Jose-Macchi-Corpus-296x300.png 296w, https:\/\/pjcanindeyu.gov.py\/v1\/wp-content\/uploads\/2025\/02\/Jose-Macchi-Corpus-768x780.png 768w, https:\/\/pjcanindeyu.gov.py\/v1\/wp-content\/uploads\/2025\/02\/Jose-Macchi-Corpus-1513x1536.png 1513w, https:\/\/pjcanindeyu.gov.py\/v1\/wp-content\/uploads\/2025\/02\/Jose-Macchi-Corpus-2017x2048.png 2017w\" sizes=\"auto, (max-width: 1009px) 100vw, 1009px\" \/><\/figure><div class=\"wp-block-media-text__content\">\n<p class=\"has-text-align-center wp-block-paragraph\"><strong>Abg. Jos\u00e9 Antonio Macchi C\u00e1ceres<\/strong><\/p>\n\n\n\n<p class=\"has-text-align-center wp-block-paragraph\">Juez de Paz de Corpus Cristhi<\/p>\n<\/div><\/div>\n\n\n\n<hr class=\"wp-block-separator has-alpha-channel-opacity\"\/>\n\n\n\n<h6 class=\"wp-block-heading\">Foto de la Sede<\/h6>\n\n\n\n<div class=\"wp-block-columns is-not-stacked-on-mobile galeria is-layout-flex wp-container-core-columns-is-layout-8f761849 wp-block-columns-is-layout-flex\">\n<div class=\"wp-block-column galeria is-layout-flow wp-block-column-is-layout-flow\"><div class=\"wp-block-image rounded\">\n<figure class=\"aligncenter size-large\"><a href=\"https:\/\/pjcanindeyu.gov.py\/v1\/wp-content\/uploads\/2026\/08\/Corpus-Christi-1-scaled.jpeg\"><img loading=\"lazy\" decoding=\"async\" width=\"1024\" height=\"768\" src=\"https:\/\/pjcanindeyu.gov.py\/v1\/wp-content\/uploads\/2026\/08\/Corpus-Christi-1-1024x768.jpeg\" alt=\"\" class=\"wp-image-8802\" srcset=\"https:\/\/pjcanindeyu.gov.py\/v1\/wp-content\/uploads\/2026\/08\/Corpus-Christi-1-1024x768.jpeg 1024w, https:\/\/pjcanindeyu.gov.py\/v1\/wp-content\/uploads\/2026\/08\/Corpus-Christi-1-300x225.jpeg 300w, https:\/\/pjcanindeyu.gov.py\/v1\/wp-content\/uploads\/2026\/08\/Corpus-Christi-1-768x576.jpeg 768w, https:\/\/pjcanindeyu.gov.py\/v1\/wp-content\/uploads\/2026\/08\/Corpus-Christi-1-1536x1152.jpeg 1536w, https:\/\/pjcanindeyu.gov.py\/v1\/wp-content\/uploads\/2026\/08\/Corpus-Christi-1-2048x1536.jpeg 2048w\" sizes=\"auto, (max-width: 1024px) 100vw, 1024px\" \/><\/a><\/figure>\n<\/div><\/div>\n<\/div>\n\n\n\n<hr class=\"wp-block-separator has-alpha-channel-opacity\"\/>\n\n\n\n<h6 class=\"wp-block-heading\">Contacto<\/h6>\n\n\n\n<div class=\"wp-block-columns is-layout-flex wp-container-core-columns-is-layout-8f761849 wp-block-columns-is-layout-flex\">\n<div class=\"wp-block-column is-vertically-aligned-center is-layout-flow wp-block-column-is-layout-flow\">\n<h5 class=\"wp-block-heading has-text-align-center\">Ubicaci\u00f3n<\/h5>\n\n\n\n<iframe src=\"https:\/\/www.google.com\/maps\/embed?pb=!1m14!1m8!1m3!1d1558.0651948883358!2d-54.94255927412941!3d-24.080389965432033!3m2!1i1024!2i768!4f13.1!3m3!1m2!1s0x0%3A0x9d6ad234c6bfc5ab!2zMjTCsDA0JzUwLjYiUyA1NMKwNTYnMjkuMSJX!5e1!3m2!1ses!2spy!4v1669645299400!5m2!1ses!2spy\" width=\"200\" height=\"150\" style=\"border:0;\" allowfullscreen=\"\" loading=\"lazy\" referrerpolicy=\"no-referrer-when-downgrade\"><\/iframe>\n<\/div>\n\n\n\n<div class=\"wp-block-column is-vertically-aligned-center is-layout-flow wp-block-column-is-layout-flow\">\n<h5 class=\"wp-block-heading has-text-align-center\">Direcci\u00f3n<\/h5>\n\n\n\n<div class=\"wp-block-columns is-layout-flex wp-container-core-columns-is-layout-8f761849 wp-block-columns-is-layout-flex\">\n<div class=\"wp-block-column is-vertically-aligned-center is-layout-flow wp-block-column-is-layout-flow\" style=\"flex-basis:100%\">\n<p class=\"has-text-align-center wp-block-paragraph\">Calle de las Cordilleras e\/ Pte. Stroessner<\/p>\n<\/div>\n<\/div>\n<\/div>\n<\/div>\n<\/div><\/div>\n\n\n\n<hr class=\"wp-block-separator has-alpha-channel-opacity\"\/>\n\n\n\n<p class=\"accordion wp-block-paragraph\"><a>Ypeh\u00fa<\/a><\/p>\n\n\n\n<div class=\"wp-block-group panel\"><div class=\"wp-block-group__inner-container is-layout-flow wp-block-group-is-layout-flow\">\n<h6 class=\"wp-block-heading\">Magistrado<\/h6>\n\n\n\n<div class=\"wp-block-media-text is-stacked-on-mobile\" style=\"grid-template-columns:19% auto\"><figure class=\"wp-block-media-text__media\"><img loading=\"lazy\" decoding=\"async\" width=\"952\" height=\"818\" src=\"https:\/\/pjcanindeyu.gov.py\/v1\/wp-content\/uploads\/2024\/10\/Nichert.jpg\" alt=\"\" class=\"wp-image-8205 size-full\" srcset=\"https:\/\/pjcanindeyu.gov.py\/v1\/wp-content\/uploads\/2024\/10\/Nichert.jpg 952w, https:\/\/pjcanindeyu.gov.py\/v1\/wp-content\/uploads\/2024\/10\/Nichert-300x258.jpg 300w, https:\/\/pjcanindeyu.gov.py\/v1\/wp-content\/uploads\/2024\/10\/Nichert-768x660.jpg 768w\" sizes=\"auto, (max-width: 952px) 100vw, 952px\" \/><\/figure><div class=\"wp-block-media-text__content\">\n<p class=\"has-text-align-center wp-block-paragraph\"><b>Abg. Nichert Lorenzo Almir\u00f3n Ort\u00edz<\/b> (Interino)<\/p>\n\n\n\n<p class=\"has-text-align-center wp-block-paragraph\">Juez de Paz Ypeh\u00fa <\/p>\n<\/div><\/div>\n\n\n\n<hr class=\"wp-block-separator has-alpha-channel-opacity\"\/>\n\n\n\n<h6 class=\"wp-block-heading\">Foto de la Sede<\/h6>\n\n\n\n<div class=\"wp-block-columns is-not-stacked-on-mobile galeria is-layout-flex wp-container-core-columns-is-layout-8f761849 wp-block-columns-is-layout-flex\">\n<div class=\"wp-block-column is-layout-flow wp-block-column-is-layout-flow\"><div class=\"wp-block-image rounded\">\n<figure class=\"aligncenter size-large\"><a href=\"https:\/\/pjcanindeyu.gov.py\/wp-content\/uploads\/2023\/03\/Ypehu.jpg\"><img decoding=\"async\" src=\"https:\/\/pjcanindeyu.gov.py\/wp-content\/uploads\/2023\/03\/Ypehu-1024x709.jpg\" alt=\"\" class=\"wp-image-1795\"\/><\/a><\/figure>\n<\/div><\/div>\n<\/div>\n\n\n\n<hr class=\"wp-block-separator has-alpha-channel-opacity\"\/>\n\n\n\n<h6 class=\"wp-block-heading\">Contacto<\/h6>\n\n\n\n<div class=\"wp-block-columns is-layout-flex wp-container-core-columns-is-layout-8f761849 wp-block-columns-is-layout-flex\">\n<div class=\"wp-block-column is-vertically-aligned-center is-layout-flow wp-block-column-is-layout-flow\">\n<h5 class=\"wp-block-heading has-text-align-center\">Ubicaci\u00f3n<\/h5>\n\n\n\n<iframe src=\"https:\/\/www.google.com\/maps\/embed?pb=!1m14!1m8!1m3!1d3120.578649955472!2d-55.44176127344638!3d-23.896720345657187!3m2!1i1024!2i768!4f13.1!3m3!1m2!1s0x0%3A0x6d82372c0579c4e8!2zMjPCsDUzJzQ4LjAiUyA1NcKwMjYnMzAuMiJX!5e1!3m2!1ses!2spy!4v1669646594584!5m2!1ses!2spy\" width=\"200\" height=\"150\" style=\"border:0;\" allowfullscreen=\"\" loading=\"lazy\" referrerpolicy=\"no-referrer-when-downgrade\"><\/iframe>\n<\/div>\n\n\n\n<div class=\"wp-block-column is-vertically-aligned-center is-layout-flow wp-block-column-is-layout-flow\">\n<h5 class=\"wp-block-heading has-text-align-center\">Direcci\u00f3n<\/h5>\n\n\n\n<div class=\"wp-block-columns is-layout-flex wp-container-core-columns-is-layout-8f761849 wp-block-columns-is-layout-flex\">\n<div class=\"wp-block-column is-vertically-aligned-center is-layout-flow wp-block-column-is-layout-flow\" style=\"flex-basis:100%\">\n<p class=\"has-text-align-center wp-block-paragraph\">Calle Eusebio Ayala e\/ Ilda Cardozo<\/p>\n<\/div>\n<\/div>\n<\/div>\n<\/div>\n\n\n\n<p class=\"has-text-align-center wp-block-paragraph\"><\/p>\n<\/div><\/div>\n\n\n\n<hr class=\"wp-block-separator has-alpha-channel-opacity\"\/>\n\n\n\n<p class=\"accordion wp-block-paragraph\"><a>Colonia Itanar\u00e2<\/a><\/p>\n\n\n\n<div class=\"wp-block-group panel\"><div class=\"wp-block-group__inner-container is-layout-flow wp-block-group-is-layout-flow\">\n<h6 class=\"wp-block-heading\">Magistrado<\/h6>\n\n\n\n<div class=\"wp-block-media-text\" style=\"grid-template-columns:19% auto\"><figure class=\"wp-block-media-text__media\"><img loading=\"lazy\" decoding=\"async\" width=\"952\" height=\"818\" src=\"https:\/\/pjcanindeyu.gov.py\/v1\/wp-content\/uploads\/2024\/10\/Nichert.jpg\" alt=\"\" class=\"wp-image-8205 size-full\" srcset=\"https:\/\/pjcanindeyu.gov.py\/v1\/wp-content\/uploads\/2024\/10\/Nichert.jpg 952w, https:\/\/pjcanindeyu.gov.py\/v1\/wp-content\/uploads\/2024\/10\/Nichert-300x258.jpg 300w, https:\/\/pjcanindeyu.gov.py\/v1\/wp-content\/uploads\/2024\/10\/Nichert-768x660.jpg 768w\" sizes=\"auto, (max-width: 952px) 100vw, 952px\" \/><\/figure><div class=\"wp-block-media-text__content\">\n<p class=\"has-text-align-center wp-block-paragraph\"><b>Abg. Nichert Lorenzo Almir\u00f3n Ort\u00edz<\/b><\/p>\n\n\n\n<p class=\"has-text-align-center wp-block-paragraph\">Juez de Paz de Colonia Itanar\u00e2 <\/p>\n<\/div><\/div>\n\n\n\n<hr class=\"wp-block-separator has-alpha-channel-opacity\"\/>\n\n\n\n<h6 class=\"wp-block-heading\">Foto de la Sede<\/h6>\n\n\n\n<div class=\"wp-block-columns is-not-stacked-on-mobile galeria is-layout-flex wp-container-core-columns-is-layout-8f761849 wp-block-columns-is-layout-flex\">\n<div class=\"wp-block-column is-layout-flow wp-block-column-is-layout-flow\"><div class=\"wp-block-image rounded\">\n<figure class=\"aligncenter size-large\"><a href=\"https:\/\/pjcanindeyu.gov.py\/v1\/wp-content\/uploads\/2023\/03\/Itanara.jpg\"><img decoding=\"async\" src=\"https:\/\/pjcanindeyu.gov.py\/v1\/wp-content\/uploads\/2023\/03\/Itanara-1024x709.jpg\" alt=\"\" class=\"wp-image-1940\"\/><\/a><\/figure>\n<\/div><\/div>\n<\/div>\n\n\n\n<hr class=\"wp-block-separator has-alpha-channel-opacity\"\/>\n\n\n\n<h6 class=\"wp-block-heading\">Contacto<\/h6>\n\n\n\n<div class=\"wp-block-columns is-layout-flex wp-container-core-columns-is-layout-8f761849 wp-block-columns-is-layout-flex\">\n<div class=\"wp-block-column is-vertically-aligned-center is-layout-flow wp-block-column-is-layout-flow\">\n<h5 class=\"wp-block-heading has-text-align-center\">Ubicaci\u00f3n<\/h5>\n\n\n\n<iframe src=\"https:\/\/www.google.com\/maps\/embed?pb=!1m18!1m12!1m3!1d1561.9813425132702!2d-55.46648532837445!3d-23.756097961650067!2m3!1f0!2f0!3f0!3m2!1i1024!2i768!4f13.1!3m3!1m2!1s0x0%3A0x45f6ac8753b26d40!2zMjPCsDQ1JzIyLjIiUyA1NcKwMjcnNTcuMyJX!5e1!3m2!1ses!2spy!4v1669646131469!5m2!1ses!2spy\" width=\"200\" height=\"150\" style=\"border:0;\" allowfullscreen=\"\" loading=\"lazy\" referrerpolicy=\"no-referrer-when-downgrade\"><\/iframe>\n<\/div>\n\n\n\n<div class=\"wp-block-column is-vertically-aligned-center is-layout-flow wp-block-column-is-layout-flow\">\n<h5 class=\"wp-block-heading has-text-align-center\">Direcci\u00f3n<\/h5>\n\n\n\n<div class=\"wp-block-columns is-layout-flex wp-container-core-columns-is-layout-8f761849 wp-block-columns-is-layout-flex\">\n<div class=\"wp-block-column is-vertically-aligned-center is-layout-flow wp-block-column-is-layout-flow\" style=\"flex-basis:100%\">\n<p class=\"has-text-align-center wp-block-paragraph\">Barrio Maria Auxiliadora, camino a Ypejh\u00fa<\/p>\n<\/div>\n<\/div>\n<\/div>\n<\/div>\n<\/div><\/div>\n\n\n\n<p class=\"has-text-align-center wp-block-paragraph\"><\/p>\n\n\n\n<hr class=\"wp-block-separator has-alpha-channel-opacity\"\/>\n\n\n\n<p class=\"accordion wp-block-paragraph\"><a>Yasy Ka\u00f1y<\/a><\/p>\n\n\n\n<div class=\"wp-block-group panel\"><div class=\"wp-block-group__inner-container is-layout-constrained wp-block-group-is-layout-constrained\">\n<h6 class=\"wp-block-heading\">Magistrado<\/h6>\n\n\n\n<div class=\"wp-block-media-text is-stacked-on-mobile\" style=\"grid-template-columns:19% auto\"><figure class=\"wp-block-media-text__media\"><img loading=\"lazy\" decoding=\"async\" width=\"1009\" height=\"1024\" src=\"https:\/\/pjcanindeyu.gov.py\/v1\/wp-content\/uploads\/2026\/05\/Elcira-Caceres-3.jpeg-1009x1024.png\" alt=\"\" class=\"wp-image-6494 size-full\" srcset=\"https:\/\/pjcanindeyu.gov.py\/v1\/wp-content\/uploads\/2026\/05\/Elcira-Caceres-3.jpeg-1009x1024.png 1009w, https:\/\/pjcanindeyu.gov.py\/v1\/wp-content\/uploads\/2026\/05\/Elcira-Caceres-3.jpeg-296x300.png 296w, https:\/\/pjcanindeyu.gov.py\/v1\/wp-content\/uploads\/2026\/05\/Elcira-Caceres-3.jpeg-768x780.png 768w, https:\/\/pjcanindeyu.gov.py\/v1\/wp-content\/uploads\/2026\/05\/Elcira-Caceres-3.jpeg-1513x1536.png 1513w, https:\/\/pjcanindeyu.gov.py\/v1\/wp-content\/uploads\/2026\/05\/Elcira-Caceres-3.jpeg-2017x2048.png 2017w\" sizes=\"auto, (max-width: 1009px) 100vw, 1009px\" \/><\/figure><div class=\"wp-block-media-text__content\">\n<p class=\"has-text-align-center wp-block-paragraph\"><b>Abg. Elcira C\u00e1ceres<\/b> (Interina)<\/p>\n\n\n\n<p class=\"has-text-align-center wp-block-paragraph\">Jueza de Paz de Yasy Ca\u00f1y<\/p>\n<\/div><\/div>\n\n\n\n<hr class=\"wp-block-separator has-alpha-channel-opacity\"\/>\n\n\n\n<h6 class=\"wp-block-heading\">Foto de la Sede<\/h6>\n\n\n\n<div class=\"wp-block-columns is-not-stacked-on-mobile galeria is-layout-flex wp-container-core-columns-is-layout-8f761849 wp-block-columns-is-layout-flex\">\n<div class=\"wp-block-column is-layout-flow wp-block-column-is-layout-flow\"><div class=\"wp-block-image rounded\">\n<figure class=\"aligncenter size-large\"><a href=\"https:\/\/pjcanindeyu.gov.py\/v1\/wp-content\/uploads\/2025\/05\/Juzgado-de-Paz-Jasy-Cany1.png\"><img loading=\"lazy\" decoding=\"async\" width=\"1024\" height=\"709\" src=\"https:\/\/pjcanindeyu.gov.py\/v1\/wp-content\/uploads\/2025\/05\/Juzgado-de-Paz-Jasy-Cany1-1024x709.png\" alt=\"\" class=\"wp-image-6892\" srcset=\"https:\/\/pjcanindeyu.gov.py\/v1\/wp-content\/uploads\/2025\/05\/Juzgado-de-Paz-Jasy-Cany1-1024x709.png 1024w, https:\/\/pjcanindeyu.gov.py\/v1\/wp-content\/uploads\/2025\/05\/Juzgado-de-Paz-Jasy-Cany1-300x208.png 300w, https:\/\/pjcanindeyu.gov.py\/v1\/wp-content\/uploads\/2025\/05\/Juzgado-de-Paz-Jasy-Cany1-768x532.png 768w, https:\/\/pjcanindeyu.gov.py\/v1\/wp-content\/uploads\/2025\/05\/Juzgado-de-Paz-Jasy-Cany1-1536x1064.png 1536w, https:\/\/pjcanindeyu.gov.py\/v1\/wp-content\/uploads\/2025\/05\/Juzgado-de-Paz-Jasy-Cany1.png 1600w\" sizes=\"auto, (max-width: 1024px) 100vw, 1024px\" \/><\/a><\/figure>\n<\/div><\/div>\n<\/div>\n\n\n\n<hr class=\"wp-block-separator has-alpha-channel-opacity\"\/>\n\n\n\n<h6 class=\"wp-block-heading\">Contacto<\/h6>\n\n\n\n<div class=\"wp-block-columns is-layout-flex wp-container-core-columns-is-layout-8f761849 wp-block-columns-is-layout-flex\">\n<div class=\"wp-block-column is-vertically-aligned-center is-layout-flow wp-block-column-is-layout-flow\">\n<h5 class=\"wp-block-heading has-text-align-center\">Ubicaci\u00f3n<\/h5>\n\n\n\n<iframe src=\"https:\/\/www.google.com\/maps\/embed?pb=!1m18!1m12!1m3!1d1552.6214288904919!2d-55.87671234378901!3d-24.524478984213445!2m3!1f0!2f0!3f0!3m2!1i1024!2i768!4f13.1!3m3!1m2!1s0x0%3A0xa37b2b87691bce6e!2zMjTCsDMxJzI4LjEiUyA1NcKwNTInMzIuMiJX!5e1!3m2!1ses!2spy!4v1669647013977!5m2!1ses!2spy\" width=\"200\" height=\"150\" style=\"border:0;\" allowfullscreen=\"\" loading=\"lazy\" referrerpolicy=\"no-referrer-when-downgrade\"><\/iframe>\n<\/div>\n\n\n\n<div class=\"wp-block-column is-vertically-aligned-center is-layout-flow wp-block-column-is-layout-flow\">\n<h5 class=\"wp-block-heading has-text-align-center\">Direcci\u00f3n<\/h5>\n\n\n\n<div class=\"wp-block-columns is-layout-flex wp-container-core-columns-is-layout-8f761849 wp-block-columns-is-layout-flex\">\n<div class=\"wp-block-column is-vertically-aligned-center is-layout-flow wp-block-column-is-layout-flow\" style=\"flex-basis:100%\">\n<p class=\"has-text-align-center wp-block-paragraph\">Ruta 3. km 227. Barrio San Roque, Calle San Roque a 150 mts. De la Ruta internacional<\/p>\n<\/div>\n<\/div>\n<\/div>\n<\/div>\n<\/div><\/div>\n\n\n\n<hr class=\"wp-block-separator has-alpha-channel-opacity\"\/>\n\n\n\n<p class=\"accordion wp-block-paragraph\"><a>Villa Ygatimi<\/a><\/p>\n\n\n\n<div class=\"wp-block-group panel\"><div class=\"wp-block-group__inner-container is-layout-constrained wp-block-group-is-layout-constrained\">\n<h6 class=\"wp-block-heading\">Magistrada<\/h6>\n\n\n\n<div class=\"wp-block-media-text is-stacked-on-mobile\" style=\"grid-template-columns:19% auto\"><figure class=\"wp-block-media-text__media\"><img loading=\"lazy\" decoding=\"async\" width=\"1009\" height=\"1024\" src=\"https:\/\/pjcanindeyu.gov.py\/v1\/wp-content\/uploads\/2026\/05\/Juan-Alfonzo-VIlla-1009x1024.png\" alt=\"\" class=\"wp-image-6498 size-full\" srcset=\"https:\/\/pjcanindeyu.gov.py\/v1\/wp-content\/uploads\/2026\/05\/Juan-Alfonzo-VIlla-1009x1024.png 1009w, https:\/\/pjcanindeyu.gov.py\/v1\/wp-content\/uploads\/2026\/05\/Juan-Alfonzo-VIlla-296x300.png 296w, https:\/\/pjcanindeyu.gov.py\/v1\/wp-content\/uploads\/2026\/05\/Juan-Alfonzo-VIlla-768x780.png 768w, https:\/\/pjcanindeyu.gov.py\/v1\/wp-content\/uploads\/2026\/05\/Juan-Alfonzo-VIlla-1513x1536.png 1513w, https:\/\/pjcanindeyu.gov.py\/v1\/wp-content\/uploads\/2026\/05\/Juan-Alfonzo-VIlla-2017x2048.png 2017w\" sizes=\"auto, (max-width: 1009px) 100vw, 1009px\" \/><\/figure><div class=\"wp-block-media-text__content\">\n<p class=\"has-text-align-center wp-block-paragraph\"><b>Abg. Juan Alfonzo Cuevas<\/b><\/p>\n\n\n\n<p class=\"has-text-align-center wp-block-paragraph\">Juez de Paz de Villa Ygatimi<\/p>\n<\/div><\/div>\n\n\n\n<hr class=\"wp-block-separator has-alpha-channel-opacity\"\/>\n\n\n\n<h6 class=\"wp-block-heading\">Foto de la Sede<\/h6>\n\n\n\n<div class=\"wp-block-columns is-not-stacked-on-mobile galeria is-layout-flex wp-container-core-columns-is-layout-8f761849 wp-block-columns-is-layout-flex\">\n<div class=\"wp-block-column is-layout-flow wp-block-column-is-layout-flow\"><div class=\"wp-block-image rounded\">\n<figure class=\"aligncenter size-large\"><a href=\"https:\/\/pjcanindeyu.gov.py\/wp-content\/uploads\/2023\/03\/Vila.jpg\"><img decoding=\"async\" src=\"https:\/\/pjcanindeyu.gov.py\/wp-content\/uploads\/2023\/03\/Vila-1024x709.jpg\" alt=\"\" class=\"wp-image-1792\"\/><\/a><\/figure>\n<\/div><\/div>\n<\/div>\n\n\n\n<hr class=\"wp-block-separator has-alpha-channel-opacity\"\/>\n\n\n\n<h6 class=\"wp-block-heading\">Contacto<\/h6>\n\n\n\n<div class=\"wp-block-columns is-layout-flex wp-container-core-columns-is-layout-8f761849 wp-block-columns-is-layout-flex\">\n<div class=\"wp-block-column is-vertically-aligned-center is-layout-flow wp-block-column-is-layout-flow\">\n<h5 class=\"wp-block-heading has-text-align-center\">Ubicaci\u00f3n<\/h5>\n\n\n\n<iframe src=\"https:\/\/www.google.com\/maps\/embed?pb=!1m18!1m12!1m3!1d778.7937780640375!2d-55.636479137598684!3d-24.119661937589505!2m3!1f0!2f0!3f0!3m2!1i1024!2i768!4f13.1!3m3!1m2!1s0x0%3A0xed00fa8644915f0e!2zMjTCsDA3JzExLjQiUyA1NcKwMzgnMDkuNSJX!5e1!3m2!1ses!2spy!4v1669646076036!5m2!1ses!2spy\" width=\"200\" height=\"150\" style=\"border:0;\" allowfullscreen=\"\" loading=\"lazy\" referrerpolicy=\"no-referrer-when-downgrade\"><\/iframe>\n<\/div>\n\n\n\n<div class=\"wp-block-column is-vertically-aligned-center is-layout-flow wp-block-column-is-layout-flow\">\n<h5 class=\"wp-block-heading has-text-align-center\">Direcci\u00f3n<\/h5>\n\n\n\n<div class=\"wp-block-columns is-layout-flex wp-container-core-columns-is-layout-8f761849 wp-block-columns-is-layout-flex\">\n<div class=\"wp-block-column is-vertically-aligned-center is-layout-flow wp-block-column-is-layout-flow\" style=\"flex-basis:100%\">\n<p class=\"has-text-align-center wp-block-paragraph\">Avda. Mariscal Estigarribia. Barrio San Blas<\/p>\n<\/div>\n<\/div>\n<\/div>\n<\/div>\n\n\n\n<p class=\"has-text-align-center wp-block-paragraph\"><\/p>\n<\/div><\/div>\n\n\n\n<hr class=\"wp-block-separator has-alpha-channel-opacity\"\/>\n\n\n\n<p class=\"accordion wp-block-paragraph\"><a>Yby Pyt\u00e2<\/a><\/p>\n\n\n\n<div class=\"wp-block-group panel\"><div class=\"wp-block-group__inner-container is-layout-constrained wp-block-group-is-layout-constrained\">\n<h6 class=\"wp-block-heading\">Magistrado<\/h6>\n\n\n\n<div class=\"wp-block-media-text is-stacked-on-mobile\" style=\"grid-template-columns:19% auto\"><figure class=\"wp-block-media-text__media\"><img decoding=\"async\" src=\"https:\/\/pjcanindeyu.gov.py\/v1\/wp-content\/uploads\/2023\/03\/Blas-Florencianez.png\" alt=\"\" class=\"wp-image-1914 size-full\"\/><\/figure><div class=\"wp-block-media-text__content\">\n<p class=\"has-text-align-center wp-block-paragraph\"><b>Abg. Bl\u00e1s Ram\u00f3n Torres Florencia\u00f1ez<\/b><\/p>\n\n\n\n<p class=\"has-text-align-center wp-block-paragraph\">Juez de Paz de Yby Pyt\u00e2<\/p>\n<\/div><\/div>\n\n\n\n<hr class=\"wp-block-separator has-alpha-channel-opacity\"\/>\n\n\n\n<h6 class=\"wp-block-heading\">Foto de la Sede<\/h6>\n\n\n\n<div class=\"wp-block-columns is-not-stacked-on-mobile galeria is-layout-flex wp-container-core-columns-is-layout-8f761849 wp-block-columns-is-layout-flex\">\n<div class=\"wp-block-column galeria is-layout-flow wp-block-column-is-layout-flow\"><div class=\"wp-block-image rounded\">\n<figure class=\"aligncenter size-large\"><a href=\"https:\/\/pjcanindeyu.gov.py\/v1\/wp-content\/uploads\/2024\/05\/mudanzaYby2.png\"><img loading=\"lazy\" decoding=\"async\" width=\"1024\" height=\"709\" src=\"https:\/\/pjcanindeyu.gov.py\/v1\/wp-content\/uploads\/2024\/05\/mudanzaYby2-1024x709.png\" alt=\"\" class=\"wp-image-7594\" srcset=\"https:\/\/pjcanindeyu.gov.py\/v1\/wp-content\/uploads\/2024\/05\/mudanzaYby2-1024x709.png 1024w, https:\/\/pjcanindeyu.gov.py\/v1\/wp-content\/uploads\/2024\/05\/mudanzaYby2-300x208.png 300w, https:\/\/pjcanindeyu.gov.py\/v1\/wp-content\/uploads\/2024\/05\/mudanzaYby2-768x532.png 768w, https:\/\/pjcanindeyu.gov.py\/v1\/wp-content\/uploads\/2024\/05\/mudanzaYby2-1536x1064.png 1536w, https:\/\/pjcanindeyu.gov.py\/v1\/wp-content\/uploads\/2024\/05\/mudanzaYby2.png 1600w\" sizes=\"auto, (max-width: 1024px) 100vw, 1024px\" \/><\/a><\/figure>\n<\/div>\n\n\n<h6 class=\"wp-block-heading\">Contacto<\/h6>\n\n\n\n<div class=\"wp-block-columns is-layout-flex wp-container-core-columns-is-layout-8f761849 wp-block-columns-is-layout-flex\">\n<div class=\"wp-block-column is-vertically-aligned-center is-layout-flow wp-block-column-is-layout-flow\">\n<h5 class=\"wp-block-heading has-text-align-center\">Ubicaci\u00f3n<\/h5>\n\n\n\n<iframe src=\"https:\/\/www.google.com\/maps\/embed?pb=!1m18!1m12!1m3!1d709.9586623375505!2d-55.38790902838483!3d-24.346898430742964!2m3!1f0!2f0!3f0!3m2!1i1024!2i768!4f13.1!3m3!1m2!1s0x94f551a76ec7d4a9%3A0xbb9dd54c787ee6ee!2sMunicipalidad%20de%20Ybypyta!5e1!3m2!1ses!2spy!4v1677677216124!5m2!1ses!2spy\" width=\"200\" height=\"150\" style=\"border:0;\" allowfullscreen=\"\" loading=\"lazy\" referrerpolicy=\"no-referrer-when-downgrade\"><\/iframe>\n<\/div>\n\n\n\n<div class=\"wp-block-column is-vertically-aligned-center is-layout-flow wp-block-column-is-layout-flow\">\n<h5 class=\"wp-block-heading has-text-align-center\">Direcci\u00f3n<\/h5>\n\n\n\n<div class=\"wp-block-columns is-layout-flex wp-container-core-columns-is-layout-8f761849 wp-block-columns-is-layout-flex\">\n<div class=\"wp-block-column is-vertically-aligned-center is-layout-flow wp-block-column-is-layout-flow\" style=\"flex-basis:100%\">\n<p class=\"has-text-align-center wp-block-paragraph\"><br>Al lado del Sal\u00f3n Multiuso Municipal<\/p>\n<\/div>\n<\/div>\n<\/div>\n<\/div>\n<\/div>\n<\/div>\n\n\n\n<hr class=\"wp-block-separator has-alpha-channel-opacity\"\/>\n<\/div><\/div>\n","protected":false},"excerpt":{"rendered":"<p>Informaci\u00f3n General Por la Ley 6059\/18, se ampliaron las competencias de los JUZGADOS DE PAZ. &nbsp;por tanto, en la actualidad conocen (art. 1\u00ba): a) de los asuntos de la ni\u00f1ez y adolescencia, civiles, comerciales o laborales en los cuales el valor del litigio no exceda del equivalente a trescientos jornales [&hellip;]<\/p>\n","protected":false},"author":1,"featured_media":0,"parent":0,"menu_order":0,"comment_status":"closed","ping_status":"closed","template":"","meta":{"footnotes":""},"class_list":["post-732","page","type-page","status-publish","hentry"],"_links":{"self":[{"href":"https:\/\/pjcanindeyu.gov.py\/v1\/wp-json\/wp\/v2\/pages\/732","targetHints":{"allow":["GET"]}}],"collection":[{"href":"https:\/\/pjcanindeyu.gov.py\/v1\/wp-json\/wp\/v2\/pages"}],"about":[{"href":"https:\/\/pjcanindeyu.gov.py\/v1\/wp-json\/wp\/v2\/types\/page"}],"author":[{"embeddable":true,"href":"https:\/\/pjcanindeyu.gov.py\/v1\/wp-json\/wp\/v2\/users\/1"}],"replies":[{"embeddable":true,"href":"https:\/\/pjcanindeyu.gov.py\/v1\/wp-json\/wp\/v2\/comments?post=732"}],"version-history":[{"count":3,"href":"https:\/\/pjcanindeyu.gov.py\/v1\/wp-json\/wp\/v2\/pages\/732\/revisions"}],"predecessor-version":[{"id":8804,"href":"https:\/\/pjcanindeyu.gov.py\/v1\/wp-json\/wp\/v2\/pages\/732\/revisions\/8804"}],"wp:attachment":[{"href":"https:\/\/pjcanindeyu.gov.py\/v1\/wp-json\/wp\/v2\/media?parent=732"}],"curies":[{"name":"wp","href":"https:\/\/api.w.org\/{rel}","templated":true}]}}